{"version":"1.0","provider_name":"caf\u00e9 mystra","provider_url":"https:\/\/cafemystra.cafeblog.hu","author_name":"Moni","author_url":"https:\/\/cafemystra.cafeblog.hu\/author\/moni-2\/","title":"T\u00fcnd\u00e9rmese skandin\u00e1v m\u00f3dra","html":"<p style=\"text-align: justify\">Tartsatok velem \u00fajra G\u00f6teborgba, egyenesen egy der\u0171s \u00e9s \u00e9letteli belv\u00e1rosi otthonba.<\/p>\r\n<p style=\"text-align: justify\">Az ig\u00e9nyesen fel\u00faj\u00edtott \u00e9s modern b\u00fatorokkal berendezett lak\u00e1sb\u00f3l \u00e1rad a harm\u00f3nia, ugyanakkor tiszt\u00e1n megmutatkozik a tulajdonosok csal\u00e1dk\u00f6zpont\u00fa gondolkod\u00e1sm\u00f3dja is.<\/p>\r\n<p style=\"text-align: justify\">Ez a k\u00e9tszintes, fiatalos apartman mag\u00e1n hordozza a skandin\u00e1v lakberendez\u00e9s tipikus jegyeit (vil\u00e1gos sz\u00ednek, egyszer\u0171 vonalvezet\u00e9s\u0171 funkcion\u00e1lis b\u00fatorok, letisztult laza elegancia), m\u00e9gis van m\u00e9lys\u00e9ge, nagyon egyedi \u00e9s karakteres.<\/p>\r\n<p style=\"text-align: justify\">Nem is ragozom tov\u00e1bb, helyettem mes\u00e9ljenek ink\u00e1bb a k\u00e9pek. :)<\/p>\r\n<a href=\"https:\/\/cafemystra.cafeblog.hu\/files\/2014\/02\/skandinav1.jpg\"><img class=\"aligncenter size-full wp-image-17384\" alt=\"skandinav1\" src=\"https:\/\/cafemystra.cafeblog.hu\/files\/2014\/02\/skandinav1.jpg\" width=\"913\" height=\"609\" \/><\/a> <a href=\"https:\/\/cafemystra.cafeblog.hu\/files\/2014\/02\/skandinav2.jpg\"><img class=\"aligncenter size-full wp-image-17385\" alt=\"skandinav2\" src=\"https:\/\/cafemystra.cafeblog.hu\/files\/2014\/02\/skandinav2.jpg\" width=\"913\" height=\"609\" \/><\/a> <a href=\"https:\/\/cafemystra.cafeblog.hu\/files\/2014\/02\/skandinav3.jpg\"><img class=\"aligncenter size-full wp-image-17386\" alt=\"skandinav3\" src=\"https:\/\/cafemystra.cafeblog.hu\/files\/2014\/02\/skandinav3.jpg\" width=\"913\" height=\"622\" \/><\/a> <a href=\"https:\/\/cafemystra.cafeblog.hu\/files\/2014\/02\/skandinav4.jpg\"><img class=\"aligncenter size-full wp-image-17387\" alt=\"skandinav4\" src=\"https:\/\/cafemystra.cafeblog.hu\/files\/2014\/02\/skandinav4.jpg\" width=\"683\" height=\"1024\" \/><\/a> <a href=\"https:\/\/cafemystra.cafeblog.hu\/files\/2014\/02\/skandinav5.jpg\"><img class=\"aligncenter size-full wp-image-17388\" alt=\"skandinav5\" src=\"https:\/\/cafemystra.cafeblog.hu\/files\/2014\/02\/skandinav5.jpg\" width=\"913\" height=\"609\" \/><\/a> <a href=\"https:\/\/cafemystra.cafeblog.hu\/files\/2014\/02\/skandinav6.jpg\"><img class=\"aligncenter size-full wp-image-17389\" alt=\"skandinav6\" src=\"https:\/\/cafemystra.cafeblog.hu\/files\/2014\/02\/skandinav6.jpg\" width=\"913\" height=\"609\" \/><\/a> <a href=\"https:\/\/cafemystra.cafeblog.hu\/files\/2014\/02\/skandinav7.jpg\"><img class=\"aligncenter size-full wp-image-17390\" alt=\"skandinav7\" src=\"https:\/\/cafemystra.cafeblog.hu\/files\/2014\/02\/skandinav7.jpg\" width=\"913\" height=\"613\" \/><\/a> <a href=\"https:\/\/cafemystra.cafeblog.hu\/files\/2014\/02\/skandinav8.jpg\"><img class=\"aligncenter size-full wp-image-17391\" alt=\"skandinav8\" src=\"https:\/\/cafemystra.cafeblog.hu\/files\/2014\/02\/skandinav8.jpg\" width=\"683\" height=\"1024\" \/><\/a> <a href=\"https:\/\/cafemystra.cafeblog.hu\/files\/2014\/02\/skandinav9.jpg\"><img class=\"aligncenter size-full wp-image-17392\" alt=\"skandinav9\" src=\"https:\/\/cafemystra.cafeblog.hu\/files\/2014\/02\/skandinav9.jpg\" width=\"692\" height=\"1024\" \/><\/a> <a href=\"https:\/\/cafemystra.cafeblog.hu\/files\/2014\/02\/skandinav10.jpg\"><img class=\"aligncenter size-full wp-image-17393\" alt=\"skandinav10\" src=\"https:\/\/cafemystra.cafeblog.hu\/files\/2014\/02\/skandinav10.jpg\" width=\"683\" height=\"1024\" \/><\/a> <a href=\"https:\/\/cafemystra.cafeblog.hu\/files\/2014\/02\/skandinav11.jpg\"><img class=\"aligncenter size-full wp-image-17394\" alt=\"skandinav11\" src=\"https:\/\/cafemystra.cafeblog.hu\/files\/2014\/02\/skandinav11.jpg\" width=\"683\" height=\"1024\" \/><\/a> <a href=\"https:\/\/cafemystra.cafeblog.hu\/files\/2014\/02\/skandinav12.jpg\"><img class=\"aligncenter size-full wp-image-17395\" alt=\"skandinav12\" src=\"https:\/\/cafemystra.cafeblog.hu\/files\/2014\/02\/skandinav12.jpg\" width=\"683\" height=\"1024\" \/><\/a> <a href=\"https:\/\/cafemystra.cafeblog.hu\/files\/2014\/02\/skandinav13.jpg\"><img class=\"aligncenter size-full wp-image-17396\" alt=\"skandinav13\" src=\"https:\/\/cafemystra.cafeblog.hu\/files\/2014\/02\/skandinav13.jpg\" width=\"913\" height=\"609\" \/><\/a> <a href=\"https:\/\/cafemystra.cafeblog.hu\/files\/2014\/02\/skandinav14.jpg\"><img class=\"aligncenter size-full wp-image-17397\" alt=\"skandinav14\" src=\"https:\/\/cafemystra.cafeblog.hu\/files\/2014\/02\/skandinav14.jpg\" width=\"913\" height=\"609\" \/><\/a> <a href=\"https:\/\/cafemystra.cafeblog.hu\/files\/2014\/02\/skandinav15.jpg\"><img class=\"aligncenter size-full wp-image-17398\" alt=\"skandinav15\" src=\"https:\/\/cafemystra.cafeblog.hu\/files\/2014\/02\/skandinav15.jpg\" width=\"913\" height=\"609\" \/><\/a> <a href=\"https:\/\/cafemystra.cafeblog.hu\/files\/2014\/02\/skandinav16.jpg\"><img class=\"aligncenter size-full wp-image-17399\" alt=\"skandinav16\" src=\"https:\/\/cafemystra.cafeblog.hu\/files\/2014\/02\/skandinav16.jpg\" width=\"913\" height=\"609\" \/><\/a>\r\n\r\n<a href=\"http:\/\/freshome.com\/2013\/04\/17\/a-swedish-fairytale-the-luxury-mansionette-in-gothenburg\/\" target=\"_blank\">Forr\u00e1s<\/a> k\u00f6sz\u00f6nettel\r\n\r\n&nbsp;\r\n<p style=\"text-align: justify\">Ha tetszett a bejegyz\u00e9s,\u00a0k\u00f6sz\u00f6n\u00f6m, hogy megosztod m\u00e1sokkal is.<\/p>\r\n<p style=\"text-align: justify\">A blog Facebook oldal\u00e1hoz\u00a0<a href=\"http:\/\/www.facebook.com\/cafemystra\" target=\"_blank\">ide kattintva<\/a>\u00a0csatlakozhatsz, ahol plusz tartalmakat tal\u00e1lsz \u00e9s \u00e9rtes\u00edt\u00e9st kapsz a friss posztokr\u00f3l is. Ne felejtsd bejel\u00f6lni a k\u00f6vet\u00e9s funkci\u00f3t! :)<\/p>\r\n<p style=\"text-align: justify\">K\u00f6sz\u00f6n\u00f6m, hogy bet\u00e9rt\u00e9l n\u00e9h\u00e1ny percre a Caf\u00e9 Mystr\u00e1ba, m\u00e1skor is \u00e9rdekes bejegyz\u00e9sekkel, \u00fajabb inspir\u00e1ci\u00f3kkal v\u00e1rlak vissza!<\/p>\r\n\u2661\u2661\u2661\r\n\r\n&nbsp;","type":"rich"}