{"version":"1.0","provider_name":"caf\u00e9 mystra","provider_url":"https:\/\/cafemystra.cafeblog.hu","author_name":"Moni","author_url":"https:\/\/cafemystra.cafeblog.hu\/author\/moni-2\/","title":"Klasszikus elegancia \u00fajragondolva","html":"<p style=\"text-align: justify\">M\u00e1ra ism\u00e9t egy sv\u00e9d remekm\u0171vet hoztam a skandin\u00e1v lakberendez\u00e9s vil\u00e1g\u00e1b\u00f3l.<\/p>\r\n<p style=\"text-align: justify\">Ennek a h\u00e1romszob\u00e1s, k\u00f6zel kilencven n\u00e9gyzetm\u00e9teres sv\u00e9d otthonnak az egybenyitott nappai-konyha-\u00e9tkez\u0151 r\u00e9sze a balkonra ny\u00edl\u00f3 hatalmas ablakoknak k\u00f6sz\u00f6nhet\u0151en vil\u00e1gos \u00e9s t\u00e1gas, ez\u00e9rt a s\u00f6t\u00e9tbarna padl\u00f3 \u00e9s a tejesk\u00e1v\u00e9 sz\u00edn\u0171re festett fal sem hat nyomaszt\u00f3an. S\u0151t, nagyon is \u00e9letteli \u00e9s szemet gy\u00f6ny\u00f6rk\u00f6dtet\u0151, m\u00e9lys\u00e9get \u00e9s karaktert adnak a helyis\u00e9gnek.<\/p>\r\n<p style=\"text-align: justify\">A szob\u00e1ban a modern vonal\u00fa, \u00e1m visszafogott \u00e1rnyalat\u00fa kanap\u00e9 \u00e9s a mesesz\u00e9p krist\u00e1lycsill\u00e1r uralja a berendez\u00e9st, melyek sz\u00e9pen ellens\u00falyozz\u00e1k a konyhai szekr\u00e9nyek \u00e9s a konyh\u00e1t a nappalit\u00f3l optikailag elv\u00e1laszt\u00f3 sziget robosztus m\u00e9ret\u00e9t. A rafin\u00e1ltan megkompon\u00e1lt dekor\u00a0fesztelen, laza a hangulatot visz a t\u00e9rbe.\u00a0A fel\u00faj\u00edtott stukk\u00f3k, a klasszikusan eleg\u00e1ns kisb\u00fatorok, a f\u0151falon mutat\u00f3san elhelyezett k\u00e9pek (\u00e9s t\u00e9v\u00e9), a lev\u00e9lmint\u00e1s konyhai fali panel \u00e9s a sz\u00ednes d\u00edszp\u00e1rn\u00e1k hat\u00e1sosan f\u0171szerezik az \u00f6sszk\u00e9pet.<\/p>\r\n<p style=\"text-align: justify\">A h\u00e1l\u00f3szoba finom textilei \u00e9s gondosan v\u00e1logatott b\u00fatorzata eleg\u00e1nsan egzotikus, a babak\u00e9k k\u00e1lyha pedig m\u00e9g pik\u00e1nsabb\u00e1 teszi a l\u00e1tv\u00e1nyt. Egyetlen dolgot kifog\u00e1soln\u00e9k csup\u00e1n, a zebrab\u0151r sz\u0151nyeget, amit \u00e9n k\u00e9ptelen vagyok elfogadni, de ez legyen az \u00e9n bajom. :)<\/p>\r\n<p style=\"text-align: justify\">A m\u00e1sik h\u00e1l\u00f3t dolgoz\u00f3szob\u00e1nak rendezt\u00e9k be, \u00e9s itt is ugyanaz az ig\u00e9nyess\u00e9g jelenik meg, mint a lak\u00e1s t\u00f6bbi pontj\u00e1n. A f\u0151falon haszn\u00e1lt modern tap\u00e9ta kellemes sz\u00edneivel lak\u00e1lyosabb\u00e1 \u00e9s inspir\u00e1l\u00f3v\u00e1 var\u00e1zsolja az irod\u00e1t.<\/p>\r\n<p style=\"text-align: justify\">A f\u00fcrd\u0151szoba letisztultan sikkes, sz\u00edneiben \u00e9s st\u00edlus\u00e1ban is t\u00f6k\u00e9letesen illeszkedik a lak\u00e1s eg\u00e9sz\u00e9hez.<\/p>\r\n<p style=\"text-align: justify\">Amikor megl\u00e1ttam ezeket a k\u00e9peket, a \"f\u0171szeres tejesk\u00e1v\u00e9\" jelz\u0151 ism\u00e9tl\u0151d\u00f6tt \u00fajra \u00e9s \u00fajra az agyamban, \u00e9s csak az\u00e9rt nem ezt a c\u00edmet adtam a posztnak, nehogy csal\u00f3d\u00e1s \u00e9rje a kedves olvas\u00f3t, ha esetleg valami klassz k\u00e1v\u00e9receptre sz\u00e1m\u00edtott volna. Ehelyett egy igen k\u00fcl\u00f6nleges, sz\u00e9p \u00e9s \u00e9lhet\u0151 otthon k\u00e9peivel tudok n\u00e9h\u00e1ny perces felfriss\u00fcl\u00e9st \u00e9s kikapcsol\u00f3d\u00e1st k\u00edn\u00e1lni. Der\u0171s napot mindenkinek! :)<\/p>\r\n<a href=\"https:\/\/cafemystra.cafeblog.hu\/files\/2014\/03\/elegans1.jpg\"><img class=\"aligncenter size-full wp-image-17820\" alt=\"elegans1\" src=\"https:\/\/cafemystra.cafeblog.hu\/files\/2014\/03\/elegans1.jpg\" width=\"800\" height=\"533\" \/><\/a> <a href=\"https:\/\/cafemystra.cafeblog.hu\/files\/2014\/03\/elegans2.jpg\"><img class=\"aligncenter size-full wp-image-17821\" alt=\"elegans2\" src=\"https:\/\/cafemystra.cafeblog.hu\/files\/2014\/03\/elegans2.jpg\" width=\"800\" height=\"533\" \/><\/a> <a href=\"https:\/\/cafemystra.cafeblog.hu\/files\/2014\/03\/elegans3.jpg\"><img class=\"aligncenter size-full wp-image-17822\" alt=\"elegans3\" src=\"https:\/\/cafemystra.cafeblog.hu\/files\/2014\/03\/elegans3.jpg\" width=\"800\" height=\"533\" \/><\/a> <a href=\"https:\/\/cafemystra.cafeblog.hu\/files\/2014\/03\/elegans4.jpg\"><img class=\"aligncenter size-full wp-image-17823\" alt=\"elegans4\" src=\"https:\/\/cafemystra.cafeblog.hu\/files\/2014\/03\/elegans4.jpg\" width=\"800\" height=\"533\" \/><\/a> <a href=\"https:\/\/cafemystra.cafeblog.hu\/files\/2014\/03\/elegans5.jpg\"><img class=\"aligncenter size-full wp-image-17824\" alt=\"elegans5\" src=\"https:\/\/cafemystra.cafeblog.hu\/files\/2014\/03\/elegans5.jpg\" width=\"800\" height=\"533\" \/><\/a> <a href=\"https:\/\/cafemystra.cafeblog.hu\/files\/2014\/03\/elegans6.jpg\"><img class=\"aligncenter size-full wp-image-17825\" alt=\"elegans6\" src=\"https:\/\/cafemystra.cafeblog.hu\/files\/2014\/03\/elegans6.jpg\" width=\"800\" height=\"545\" \/><\/a> <a href=\"https:\/\/cafemystra.cafeblog.hu\/files\/2014\/03\/elegans7.jpg\"><img class=\"aligncenter size-full wp-image-17826\" alt=\"elegans7\" src=\"https:\/\/cafemystra.cafeblog.hu\/files\/2014\/03\/elegans7.jpg\" width=\"800\" height=\"539\" \/><\/a> <a href=\"https:\/\/cafemystra.cafeblog.hu\/files\/2014\/03\/elegans8.jpg\"><img class=\"aligncenter size-full wp-image-17827\" alt=\"elegans8\" src=\"https:\/\/cafemystra.cafeblog.hu\/files\/2014\/03\/elegans8.jpg\" width=\"800\" height=\"541\" \/><\/a> <a href=\"https:\/\/cafemystra.cafeblog.hu\/files\/2014\/03\/elegans9.jpg\"><img class=\"aligncenter size-full wp-image-17828\" alt=\"elegans9\" src=\"https:\/\/cafemystra.cafeblog.hu\/files\/2014\/03\/elegans9.jpg\" width=\"800\" height=\"533\" \/><\/a> <a href=\"https:\/\/cafemystra.cafeblog.hu\/files\/2014\/03\/elegans10.jpg\"><img class=\"aligncenter size-full wp-image-17829\" alt=\"elegans10\" src=\"https:\/\/cafemystra.cafeblog.hu\/files\/2014\/03\/elegans10.jpg\" width=\"800\" height=\"542\" \/><\/a> <a href=\"https:\/\/cafemystra.cafeblog.hu\/files\/2014\/03\/elegans11.jpg\"><img class=\"aligncenter size-full wp-image-17830\" alt=\"elegans11\" src=\"https:\/\/cafemystra.cafeblog.hu\/files\/2014\/03\/elegans11.jpg\" width=\"800\" height=\"586\" \/><\/a>\r\n\r\n<a href=\"http:\/\/w4.objektdata.se\/pregen\/051\/OBJ13898_1320896051\/wp.htm\" target=\"_blank\">Forr\u00e1s<\/a> k\u00f6sz\u00f6nettel <a href=\"http:\/\/nicety.livejournal.com\/1500378.html\" target=\"_blank\">via<\/a>\r\n\r\n&nbsp;\r\n<p style=\"text-align: justify\">Ha tetszett a bejegyz\u00e9s,\u00a0k\u00f6sz\u00f6n\u00f6m, hogy megosztod m\u00e1sokkal is.<\/p>\r\n<p style=\"text-align: justify\">A blog Facebook oldal\u00e1hoz\u00a0<a href=\"http:\/\/www.facebook.com\/cafemystra\" target=\"_blank\">ide kattintva<\/a>\u00a0csatlakozhatsz, ahol plusz tartalmakat tal\u00e1lsz \u00e9s \u00e9rtes\u00edt\u00e9st kapsz a friss posztokr\u00f3l is. Ne felejtsd bejel\u00f6lni a k\u00f6vet\u00e9s funkci\u00f3t! :)<\/p>\r\n<p style=\"text-align: justify\">K\u00f6sz\u00f6n\u00f6m, hogy bet\u00e9rt\u00e9l n\u00e9h\u00e1ny percre a Caf\u00e9 Mystr\u00e1ba, m\u00e1skor is \u00e9rdekes bejegyz\u00e9sekkel, \u00fajabb inspir\u00e1ci\u00f3kkal v\u00e1rlak vissza!<\/p>\r\n\u2661\u2661\u2661\r\n\r\n&nbsp;","type":"rich"}