{"version":"1.0","provider_name":"caf\u00e9 mystra","provider_url":"https:\/\/cafemystra.cafeblog.hu","author_name":"Moni","author_url":"https:\/\/cafemystra.cafeblog.hu\/author\/moni-2\/","title":"Skandin\u00e1v \u0151sz","html":"<p style=\"text-align: justify\"><strong>Egy eleg\u00e1ns, otthonos skandin\u00e1v lak\u00e1sban n\u00e9z\u00fcnk ma k\u00f6r\u00fcl, ahol az \u0151sz sz\u00ednei, k\u00e9nyelmes b\u00fatorok \u00e9s puha textilek v\u00e1rnak.<\/strong><\/p>\r\n<p style=\"text-align: justify\">A <a href=\"https:\/\/cafemystra.cafeblog.hu\/2015\/09\/26\/oszi-hangulat-egy-varosi-lakasban\/\" target=\"_blank\">m\u00faltkori, \u0151szi hangulat\u00fa lak\u00e1sr\u00f3l sz\u00f3l\u00f3 bejegyz\u00e9st<\/a> nagyon kedvelt\u00e9tek, ez\u00e9rt arra gondoltam, tal\u00e1n\u00a0\u00f6r\u00fcln\u00e9tek m\u00e9g egy hasonl\u00f3 t\u00e9m\u00e1j\u00fa posztnak. :)<\/p>\r\n<p style=\"text-align: justify\">A berendez\u00e9s feh\u00e9r, fekete \u00e9s vil\u00e1gos fa alapja remek\u00fcl passzol a mai skandin\u00e1v trendhez, de a meghitt otthonoss\u00e1g megteremt\u00e9se \u00e9rdek\u00e9ben az\u00e9rt sz\u00fcks\u00e9g van\u00a0n\u00e9mi szem\u00e9lyes, saj\u00e1tos st\u00edlus\u00fa kieg\u00e9sz\u00edt\u00e9sre is. Ehhez el\u00e9g csup\u00e1n olyan egyszer\u0171 dolgokat bevetni, mint a takar\u00f3k, p\u00e1rn\u00e1k, gyertyatart\u00f3k.\u00a0A\u00a0r\u00e9tegzett text\u00far\u00e1k, meleg \u00e1rnyalatok \u00e9s l\u00e1gy es\u00e9s\u0171 anyagok \u00fagy igaz\u00edtj\u00e1k a fekete-feh\u00e9r alapokat az \u0151szi szezonhoz, hogy szinte kedvet \u00e9rz\u00fcnk bekuck\u00f3zni valamelyik szob\u00e1ba.<\/p>\r\n<p style=\"text-align: justify\">Nekem nagyon tetszik, hogy ebben a lak\u00e1sban marad\u00e9ktalanul\u00a0megval\u00f3sul\u00a0a kevesebb t\u00f6bb elve, illetve hogy mindez a kedvenc \u00e9vszakom hangulat\u00e1val is teljes \u00f6sszhangban van. Szerintem t\u00f6k\u00e9letes!<\/p>\r\n<p><a href=\"https:\/\/cafemystra.cafeblog.hu\/files\/2015\/10\/scandinavian-home-1.jpg\"><img class=\"aligncenter size-full wp-image-20256\" src=\"https:\/\/cafemystra.cafeblog.hu\/files\/2015\/10\/scandinavian-home-1.jpg\" alt=\"scandinavian home 1\" width=\"646\" height=\"431\" \/><\/a><\/p>\r\n<p><a href=\"https:\/\/cafemystra.cafeblog.hu\/files\/2015\/10\/scandinavian-home-2.jpg\"><img class=\"aligncenter size-full wp-image-20257\" src=\"https:\/\/cafemystra.cafeblog.hu\/files\/2015\/10\/scandinavian-home-2.jpg\" alt=\"scandinavian home 2\" width=\"646\" height=\"431\" \/><\/a><\/p>\r\n<p><a href=\"https:\/\/cafemystra.cafeblog.hu\/files\/2015\/10\/scandinavian-home-3.jpg\"><img class=\"aligncenter size-full wp-image-20258\" src=\"https:\/\/cafemystra.cafeblog.hu\/files\/2015\/10\/scandinavian-home-3.jpg\" alt=\"scandinavian home 3\" width=\"646\" height=\"431\" \/><\/a><\/p>\r\n<p><a href=\"https:\/\/cafemystra.cafeblog.hu\/files\/2015\/10\/scandinavian-home-4.jpg\"><img class=\"aligncenter size-full wp-image-20259\" src=\"https:\/\/cafemystra.cafeblog.hu\/files\/2015\/10\/scandinavian-home-4.jpg\" alt=\"scandinavian home 4\" width=\"646\" height=\"431\" \/><\/a><\/p>\r\n<p><a href=\"https:\/\/cafemystra.cafeblog.hu\/files\/2015\/10\/scandinavian-home-5.jpg\"><img class=\"aligncenter size-full wp-image-20260\" src=\"https:\/\/cafemystra.cafeblog.hu\/files\/2015\/10\/scandinavian-home-5.jpg\" alt=\"scandinavian home 5\" width=\"646\" height=\"431\" \/><\/a><\/p>\r\n<p><a href=\"https:\/\/cafemystra.cafeblog.hu\/files\/2015\/10\/scandinavian-home-6.jpg\"><img class=\"aligncenter size-full wp-image-20261\" src=\"https:\/\/cafemystra.cafeblog.hu\/files\/2015\/10\/scandinavian-home-6.jpg\" alt=\"scandinavian home 6\" width=\"646\" height=\"969\" \/><\/a><\/p>\r\n<p><a href=\"https:\/\/cafemystra.cafeblog.hu\/files\/2015\/10\/scandinavian-home-7.jpg\"><img class=\"aligncenter size-full wp-image-20262\" src=\"https:\/\/cafemystra.cafeblog.hu\/files\/2015\/10\/scandinavian-home-7.jpg\" alt=\"scandinavian home 7\" width=\"646\" height=\"431\" \/><\/a><\/p>\r\n<p><a href=\"https:\/\/cafemystra.cafeblog.hu\/files\/2015\/10\/scandinavian-home-8.jpg\"><img class=\"aligncenter size-full wp-image-20263\" src=\"https:\/\/cafemystra.cafeblog.hu\/files\/2015\/10\/scandinavian-home-8.jpg\" alt=\"scandinavian home 8\" width=\"646\" height=\"969\" \/><\/a><\/p>\r\n<p><a href=\"https:\/\/cafemystra.cafeblog.hu\/files\/2015\/10\/scandinavian-home-9.jpg\"><img class=\"aligncenter size-full wp-image-20264\" src=\"https:\/\/cafemystra.cafeblog.hu\/files\/2015\/10\/scandinavian-home-9.jpg\" alt=\"scandinavian home 9\" width=\"646\" height=\"431\" \/><\/a><\/p>\r\n<p><a href=\"https:\/\/cafemystra.cafeblog.hu\/files\/2015\/10\/scandinavian-home-10.jpg\"><img class=\"aligncenter size-full wp-image-20265\" src=\"https:\/\/cafemystra.cafeblog.hu\/files\/2015\/10\/scandinavian-home-10.jpg\" alt=\"scandinavian home 10\" width=\"646\" height=\"969\" \/><\/a><\/p>\r\n<p><a href=\"https:\/\/cafemystra.cafeblog.hu\/files\/2015\/10\/scandinavian-home-11.jpg\"><img class=\"aligncenter size-full wp-image-20266\" src=\"https:\/\/cafemystra.cafeblog.hu\/files\/2015\/10\/scandinavian-home-11.jpg\" alt=\"scandinavian home 11\" width=\"646\" height=\"431\" \/><\/a><\/p>\r\n<p><a href=\"https:\/\/cafemystra.cafeblog.hu\/files\/2015\/10\/scandinavian-home-12.jpg\"><img class=\"aligncenter size-full wp-image-20267\" src=\"https:\/\/cafemystra.cafeblog.hu\/files\/2015\/10\/scandinavian-home-12.jpg\" alt=\"scandinavian home 12\" width=\"646\" height=\"431\" \/><\/a><\/p>\r\n<p><a href=\"http:\/\/www.planete-deco.fr\/2015\/09\/21\/un-automne-en-ville\/\" target=\"_blank\">Forr\u00e1s<\/a> k\u00f6sz\u00f6nettel<\/p>\r\n<p>&nbsp;<\/p>\r\n<p style=\"text-align: justify\">A blog Facebook oldal\u00e1hoz\u00a0<a href=\"https:\/\/www.facebook.com\/cafemystra\" target=\"_blank\">ide kattintva<\/a>\u00a0csatlakozhatsz, ahol plusz tartalmakat tal\u00e1lsz \u00e9s \u00e9rtes\u00edt\u00e9st kapsz a friss posztokr\u00f3l is. :)<\/p>\r\n<p>\u2661\u2661\u2661<\/p>\r\n<p>&nbsp;<\/p>","type":"rich"}